{"id":19,"date":"2013-01-21T00:04:13","date_gmt":"2013-01-20T23:04:13","guid":{"rendered":"http:\/\/localhost\/wordpress\/?page_id=19"},"modified":"2014-06-02T17:05:36","modified_gmt":"2014-06-02T16:05:36","slug":"presentation","status":"publish","type":"page","link":"http:\/\/www.amoced.fr\/?page_id=19","title":{"rendered":"Pr\u00e9sentation"},"content":{"rendered":"<h1 style=\"text-align: center;\"><span style=\"text-decoration: underline;\">Pr\u00e9sentation<\/span><\/h1>\n<p>&nbsp;<\/p>\n<p>Cette association a pour objet d\u2019accompagner l\u2019organisation d\u2019\u00e9v\u00e9nements culturels, le conseil dans la r\u00e9alisation d\u2019\u00e9v\u00e9nements, s\u00e9minaires, congr\u00e8s, formations, plaquettes et posters, ainsi que la diffusion de spectacles vivants aupr\u00e8s de professionnels notamment du domaine de la sant\u00e9.<\/p>\n","protected":false},"excerpt":{"rendered":"<p>Pr\u00e9sentation &nbsp; Cette association a pour objet d\u2019accompagner l\u2019organisation d\u2019\u00e9v\u00e9nements culturels, le conseil dans la r\u00e9alisation d\u2019\u00e9v\u00e9nements, s\u00e9minaires, congr\u00e8s, formations, plaquettes et posters, ainsi que la diffusion de spectacles vivants aupr\u00e8s de professionnels notamment du domaine de la sant\u00e9.<\/p>\n","protected":false},"author":1,"featured_media":0,"parent":0,"menu_order":1,"comment_status":"closed","ping_status":"closed","template":"","meta":[],"_links":{"self":[{"href":"http:\/\/www.amoced.fr\/index.php?rest_route=\/wp\/v2\/pages\/19"}],"collection":[{"href":"http:\/\/www.amoced.fr\/index.php?rest_route=\/wp\/v2\/pages"}],"about":[{"href":"http:\/\/www.amoced.fr\/index.php?rest_route=\/wp\/v2\/types\/page"}],"author":[{"embeddable":true,"href":"http:\/\/www.amoced.fr\/index.php?rest_route=\/wp\/v2\/users\/1"}],"replies":[{"embeddable":true,"href":"http:\/\/www.amoced.fr\/index.php?rest_route=%2Fwp%2Fv2%2Fcomments&post=19"}],"version-history":[{"count":16,"href":"http:\/\/www.amoced.fr\/index.php?rest_route=\/wp\/v2\/pages\/19\/revisions"}],"predecessor-version":[{"id":275,"href":"http:\/\/www.amoced.fr\/index.php?rest_route=\/wp\/v2\/pages\/19\/revisions\/275"}],"wp:attachment":[{"href":"http:\/\/www.amoced.fr\/index.php?rest_route=%2Fwp%2Fv2%2Fmedia&parent=19"}],"curies":[{"name":"wp","href":"https:\/\/api.w.org\/{rel}","templated":true}]}}